{"id":16962,"date":"2019-01-10T16:06:30","date_gmt":"2019-01-10T15:06:30","guid":{"rendered":"https:\/\/www.terrecevico.com\/psr-emilia-romagna-2014-2020\/"},"modified":"2025-09-26T10:02:06","modified_gmt":"2025-09-26T08:02:06","slug":"psr-emilia-romagna-2014-2020","status":"publish","type":"page","link":"https:\/\/www.terrecevico.com\/en\/psr-emilia-romagna-2014-2020\/","title":{"rendered":"PSR Emilia Romagna 2014\/2020"},"content":{"rendered":"<p class=\"p1\">REG. (UE) N. 1305\/2013 &#8211; PSR 2014\/2020 &#8211; MISURA 4 &#8211; TIPO OPERAZIONE 4.2.01 \u201cINVESTIMENTI RIVOLTI AD IMPRESE AGROINDUSTRIALI IN APPROCCIO INDIVIDUALE E DI SISTEMA\u201d LA PARTE DI PROGETTO RELATIVA A LUGO PREVEDE:<\/p>\n<ul class=\"ul1\">\n<li class=\"li1\">Realizzazione di una nuova tettoia\/tensostruttura fra un gruppo di sei serbatoi esistenti da 2.500 Hl cadauno dove si effettuano frequenti lavorazioni dei vini. La tettoia verr\u00e0 realizzata con struttura portante in carpenteria metallica e copertura in tensostruttura.<\/li>\n<li class=\"li1\">Realizzazione di un ampliamento della tettoia esistente fra i serbatoi da 10.000 Hl e 20.000 Hl cadauno dove si effettuano i carichi e scarichi delle autocisterne.<\/li>\n<li class=\"li1\">Intervento di completa ristrutturazione di una parte dei locali cantina adibiti a refrigerazione vini con una serie di lavori di carattere civile, nuovi serbatoi e nuovi impianti. Precisamente:<\/li>\n<li class=\"li1\">Demolizione e rifacimento pavimenti;<\/li>\n<li class=\"li1\">Rifacimento pareti esterne con nuovi pannelli sandwich;<\/li>\n<li class=\"li1\">Inserimento di nuovi tredici serbatoi in acciaio inox per refrigerazione vino;<\/li>\n<li class=\"li1\">Installazione di nuovo gruppo frigo;<\/li>\n<li class=\"li1\">Installazione impianto di condizionamento vini con Azoto;<\/li>\n<li class=\"li1\">Installazione nuovo impianto di illuminazione;<\/li>\n<li class=\"li1\">Installazione filtro tangenziale (o filtro feccia).<\/li>\n<li class=\"li1\">Acquisto e messa in servizio di n\u00b0 5 carrelli elevatori a forche frontali.<\/li>\n<li class=\"li1\">Controllo livello riempitrice<\/li>\n<li class=\"li1\">Ristrutturazione e messa a norma cabina elettrica generale.<\/li>\n<li class=\"li1\">Implementazione magazzino avanzato su ERP Oracle JDE Enterprise One e installazione terminali.<\/li>\n<li class=\"li1\">Introduzione nuovi sistemi analisi e controllo vini dedicati al laboratorio per il controllo qualit\u00e0.<\/li>\n<\/ul>\n<p>LA PARTE DI PROGETTO RELATIVA A CASTELBOLOGNESE PREVEDE:<\/p>\n<ul>\n<li>Un intervento su di una propriet\u00e0 del Gruppo Cevico nel territorio faentino di Castel Bolognese realizzando un progetto di riqualificazione di edilizia rurale.In tale sito, attualmente, insistono gi\u00e0 16 ettari di vigneto DOC coltivati in propriet\u00e0 dalla Tenuta Masselina srl Agricola (controllata 100% Gruppo Cevico) che rappresenta il luogo in cui si materializzano i progetti di altissima qualit\u00e0 del Gruppo.<\/li>\n<\/ul>\n<p>LA PARTE DI PROGETTO RELATIVA A FORLI PREVEDE:<\/p>\n<ul>\n<li>Installazione di una nuova centrale termica<\/li>\n<li>Installazione di autoclavi con gestione automatizzata lieviti.<\/li>\n<li>Depalettizzatore \/ Paletizzatore URG e avvolgitore.<\/li>\n<li>Vetrificazione n.53 vasche in cemento.<\/li>\n<li>N. 04 Pome a pistoni.<\/li>\n<li>Acquisto e messa in servizio di n\u00b0 5 carrelli elevatori a forche frontali.<\/li>\n<\/ul>\n<p>FINANZIAMENTO<\/p>\n<ul>\n<li>L\u2019entit\u00e0 dell\u2019aiuto spettante a Terre Cevico Soc. Coop. Agricola nella percentuale del 40% della spesa massima ammissibile ammonta a euro 1.937.251,89.<\/li>\n<\/ul>\n<p>&nbsp;<\/p>\n<p class=\"p1\">REG. (UE) N. 1305\/2013 &#8211; PSR 2014\/2020 &#8211; MISURA 4 &#8211; TIPO OPERAZIONE 4.2.01 &#8220;INVESTIMENTI RIVOLTI AD IMPRESE AGROINDUSTRIALI IN APPROCCIO INDIVIDUALE E DI SISTEMA&#8221;\u00a0&lt; APPROCCIO DI SISTEMA &gt;<\/p>\n<p>LA PARTE DI PROGETTO RELATIVA A LUGO PREVEDE:<\/p>\n<ul>\n<li>Realizzazione del nuovo impianto di Rettifica, Desolforazione e Concentrazioni Mosti.<\/li>\n<li>Espansione impianto trattamento acque.<\/li>\n<li>Implementazione impianto distribuzione acqua industriale.<\/li>\n<li>Realizzazione linea approvvigionamento vapore ad impianto di concentrazione e desolforazione.<\/li>\n<li>Installazione linea trasporto soluzione refrigerante a servizio del nuovo desolforatore.<\/li>\n<li>Impianto elettrico di alimentazione del nuovo impianto di rettifica, concentrazione e desolforazione.<\/li>\n<li>Installazione di un generatore di vapore di portata pari a 4.000 Kg\/h e pressione di bollo 12 bar.<\/li>\n<li>Installazione etichettatrice bottiglie con produzione 12.000 b\/h,<\/li>\n<li>Installazione capsulatore automatico per rullatura capsule in polilaminato o stagno, con produzione massima di 12.000 b\/h.<\/li>\n<li>Acquisto di un sollevatore trilaterare filoguidato con operatore in quota portata fino a 15 quintali fino ad una altezza di 7,75 metri.<\/li>\n<li>Onorari di professionisti e consulenti, studi di fattibilit\u00e0 connessi col progetto presenta<\/li>\n<\/ul>\n<p>FINANZIAMENTO<\/p>\n<ul>\n<li>L\u2019entit\u00e0 dell\u2019aiuto spettante a Terre Cevico Soc. Coop. Agricola nella percentuale del 40% della spesa massima ammissibile ammonta a euro 740.229,00<\/li>\n<\/ul>\n<p>&nbsp;<\/p>\n<p>REG. (UE) N. 1305\/2013 &#8211; PSR 2014\/2020 &#8211; MISURA 16 &#8211; TIPO OPERAZIONE 16.2.01 &#8220;SUPPORTO PER PROGETTI PILOTA E PER LO SVILUPPO DI NUOVI PRODOTTI, PRATICHE, PROCESSI E TECNOLOGIE NEL SETTORE AGRICOLO E AGROINDUSTRIALE&#8221; &lt; PROGETTI PILOTA &gt; ; PROGETTO \u201cInnovazioni di processo in vigneto e in cantina finalizzate allo sviluppo di nuovi prodotti vitivinicoli bio-sostenibili\u201d \u2013 FOCUS AREA 3A<\/p>\n<p>Obiettivi del progetto<\/p>\n<p>Il progetto ha come obiettivo l\u2019individuazione delle migliori soluzioni tecnologiche per la produzione di mosto concentrato e mosto concentrato rettificato di elevata qualit\u00e0 a partire da uve provenienti da vigneti condotti con metodo integrato e biologico. D\u2019altronde, la qualit\u00e0 rappresenta ormai un prerequisito per un posizionamento sul mercato stabile e duraturo, in Italia e all\u2019estero. Risulta fondamentale, dunque, monitorare ogni singola fase del processo produttivo al fine di evidenziare e risolvere qualsiasi criticit\u00e0, con un aumento dunque delle garanzie legate alla tracciabilit\u00e0 dei prodotti.<\/p>\n<p>Risultati principali:<\/p>\n<p>&#8211; Aumento delle garanzie rispetto alla tracciabilit\u00e0 dei prodotti e risparmio economico-finanziario a seguito di internalizzazione di processi fino ad ora gestiti in conto lavorazione o mediante acquisto diretto sul mercato;<\/p>\n<p>&#8211; Valorizzazione delle uve delle aziende agricole socie e dei vini ottenuti nelle cantine del Gruppo;<\/p>\n<p>&#8211; Miglioramento della programmazione delle produzioni, sia nella fase di vigneto che di cantina e diversificazione della domanda di offerta sul fronte commerciale, con possibilit\u00e0 di inserimento su nuovi canali di vendita e in altri Paesi;<\/p>\n<p>FINANZIAMENTO<\/p>\n<p>L\u2019entit\u00e0 dell\u2019aiuto ricevuto nella percentuale del 70% della spesa massima ammissibile ammonta a euro 140.000,00<\/p>\n<p>&nbsp;<\/p>\n<p class=\"p1\"><span class=\"s1\"><b>Iniziativa realizzata nell\u2019ambito del Programma regionale di sviluppo rurale 2014-2020 \u2013 Tipo di operazione 16.1.01 \u2013 Gruppi operativi del partenariato europeo per l\u2019innovazione: <\/b><\/span><span class=\"s1\"><b>\u201cproduttivit\u00e0 e sostenibilit\u00e0 dell\u2019agricoltura\u201d<\/b><\/span><\/p>\n<p class=\"p1\"><span class=\"s1\"><b><i>Focus Area 5E \u2013 Progetto \u201cValutazione dell\u2019impronta carbonica in relazione a strategie viticole <\/i><\/b><\/span><span class=\"s1\"><b><i>ad alta sostenibilit\u00e0\u201d \u2013 Sequestro CO<\/i><\/b><\/span><span class=\"s2\"><b><i><sub>2 <\/sub><\/i><\/b><\/span><span class=\"s1\"><b><i>in Vitivinicoltura<\/i><\/b><\/span><\/p>\n<p><a href=\"https:\/\/progetti.crpv.it\/Home\/ProjectDetail\/4\" target=\"_blank\" rel=\"noopener noreferrer\"><u>https:\/\/progetti.crpv.it\/Home\/ProjectDetail\/4<\/u><\/a><\/p>\n<p>&nbsp;<\/p>\n<p>LINK<\/p>\n<p>sito web della Commissione dedicato al FEASR<br \/>\n<a href=\"http:\/\/eur-lex.europa.eu\/legal-content\/IT\/TXT\/?uri=URISERV:l60032\" target=\"_blank\" rel=\"noopener noreferrer\"><u>http:\/\/eur-lex.europa.eu\/legal-content\/IT\/TXT\/?uri=URISERV:l60032<\/u><\/a><\/p>\n<p><img loading=\"lazy\" decoding=\"async\" class=\"alignnone size-full wp-image-11823\" src=\"https:\/\/www.terrecevico.com\/wp-content\/uploads\/2019\/01\/psr_logo.jpg\" alt=\"\" width=\"517\" height=\"107\" \/><\/p>\n<p>&nbsp;<\/p>\n<p class=\"p1\"><b>OBBLIGHI COMUNICAZIONE PSR EMILIA-ROMAGNA<\/b><\/p>\n<p class=\"p4\"><b>Progetto \u201cBIG-data: nuovo strumento per la competitivit\u00e0 della filiera VITI-Enologica\u201d \u2013 BIG VITE<\/b><\/p>\n<p class=\"p4\">Progetto finanziato nell\u2019ambito del REG. (UE) N. 1305\/2013 &#8211; PSR 2014\/2020 &#8211; MISURA 16 &#8211; Tipo di operazione 16.1.01 \u2013 sottomisura 16.1 \u201cSostegno per la costituzione e la gestione dei gruppi operativi del PEI in materia di produttivit\u00e0 e sostenibilit\u00e0 dell\u2019agricoltura\u201d &#8211; FA 3A.<span class=\"Apple-converted-space\">\u00a0<\/span><\/p>\n<p class=\"p5\">Tale Programma \u00e8 finanziato tramite il Fondo Europeo Agricolo per lo Sviluppo Rurale (FEASR): <span class=\"s1\">http:\/\/europa.eu\/legislation_summaries\/agriculture\/general_framework\/l60032_it.htm<\/span><\/p>\n<p class=\"p6\">Costo totale: 292.907,31 \u20ac<\/p>\n<p class=\"p6\">Finanziamento: 70% (100% divulgazione; 90% formazione)<\/p>\n<p class=\"p6\">Contributo concesso: <b>236.042,62 \u20ac<\/b><\/p>\n<p class=\"p4\"><span class=\"s2\">L\u2019entit\u00e0 dell\u2019aiuto spettante a Terre Cevico Cooperativa Agricola ammonta a 3.722,55 <\/span>\u20ac<span class=\"s2\">.<\/span><\/p>\n<p class=\"p4\"><b>CAPOFILA<\/b><\/p>\n<p class=\"p4\">Universit\u00e0 Cattolica del Sacro Cuore &#8211; UCSC<\/p>\n<p class=\"p4\"><b>PARTNER EFFETTIVI<\/b><\/p>\n<p class=\"p4\">&#8211; Colli Romagnoli Societ\u00e0 Cooperativa Agricola<\/p>\n<p class=\"p4\">&#8211; Terre Cevico Societ\u00e0 Cooperativa Agricola<span class=\"Apple-converted-space\">\u00a0<\/span><\/p>\n<p class=\"p4\">&#8211; Societ\u00e0 Agricola Podere Pradarolo S.R.L.<\/p>\n<p class=\"p4\">&#8211; Azienda Agricola Il Poggiarello S.S. Societ\u00e0 Agricola<\/p>\n<p class=\"p4\">&#8211; Irecoop Emilia-Romagna Societ\u00e0 Cooperativa<\/p>\n<p class=\"p4\">Con il supporto esterno di Image Line e Latitudo.<\/p>\n<p class=\"p4\"><b>LOCALIZZAZIONE GEOGRAFICA<\/b><\/p>\n<p class=\"p4\">Livello NUTS3: ITH51(Piacenza), ITH52 (Parma), ITH55 (Bologna), ITH57 (Ravenna), ITH59 (Rimini).<span class=\"Apple-converted-space\">\u00a0<\/span><\/p>\n<p class=\"p4\"><b>DURATA DEL PROGETTO<\/b><\/p>\n<p class=\"p4\">10\/03\/2021 \u2013 10\/03\/2023<\/p>\n<p class=\"p4\"><b>OBIETTIVI<\/b><\/p>\n<p class=\"p4\">L\u2019obiettivo primario e generale del Piano BIG-VITE \u00e8 di strutturare e testare l\u2019efficacia, per la filiera viti-vinicola, di un protocollo operativo che consenta ai vari attori della filiera non solo di familiarizzare con lo strumento dei <i>Big Data <\/i>ma, soprattutto, di capire che la qualit\u00e0 delle informazioni derivabili da queste analisi pu\u00f2 portare a scelte aziendali pi\u00f9 performanti, ad una gestione pi\u00f9 sostenibile dell\u2019impresa e alla definizione di strategie di <i>business <\/i>pi\u00f9 mirate ed efficaci.<span class=\"Apple-converted-space\">\u00a0<\/span><\/p>\n<p class=\"p4\">In particolare, il Piano mira a raggiungere i seguenti obiettivi specifici:<\/p>\n<ul class=\"ul1\">\n<li class=\"li4\">predisporre uno strumento informatico \u2013 in termini tecnici \u201c<i>cruscotto<\/i>\u201d &#8211; che, a partire da un database grezzo iniziale e non organizzato di dati di conferimento uve (es. anno, azienda, vitigno, tipologia commerciale vino, produzione, grado alcolico potenziale, monte gradi, etc.) fornisca, in tempo reale, elementi di sintesi, visualizzazione e interpretazione chiari e immediati;<span class=\"Apple-converted-space\">\u00a0<\/span><\/li>\n<li class=\"li4\">estendere il \u201ccruscotto\u201d a tutte le imprese viticole coinvolte nel Piano adattandolo alla specificit\u00e0 dei dati disponibili e alle relative esigenze di pianificazione e commercializzazione;<span class=\"Apple-converted-space\">\u00a0<\/span><\/li>\n<li class=\"li4\">a livello di \u201c<i>data capture<\/i>\u201d (fonti di dati disponibili), associare i dati agronomici alle caratteristiche principali dei suoli e del clima relativo all\u2019areale di ubicazione dei vari partner aziendali;<span class=\"Apple-converted-space\">\u00a0<\/span><\/li>\n<li class=\"li4\">trasferimento su larga scala delle innovazioni messe a punto.<span class=\"Apple-converted-space\">\u00a0<\/span><\/li>\n<\/ul>\n<p class=\"p4\"><b>AZIONI PREVISTE<\/b><\/p>\n<p class=\"p4\">Oltre al coordinamento del progetto e alle attivit\u00e0 di comunicazione e formazione, il progetto verter\u00e0 su tre azioni chiave:<\/p>\n<ol class=\"ol1\">\n<li class=\"li4\">Creazione e test del cruscotto informatico di visualizzazione e gestione preliminare dei dati.<\/li>\n<li class=\"li4\">Estensione di tale cruscotto.<\/li>\n<li class=\"li4\">Implementazione del cruscotto con scopo previsionale.<\/li>\n<\/ol>\n<p class=\"p4\"><b>RISULTATI ATTESI<\/b><\/p>\n<p class=\"p8\">Il presente progetto si prefigge i seguenti risultati, secondo tre tipologie:<\/p>\n<p class=\"p4\"><i>Risultati descrittivi attesi:<span class=\"Apple-converted-space\">\u00a0<\/span><\/i><\/p>\n<ul class=\"ul1\">\n<li class=\"li4\">Messa a punto di un quadro chiaro e immediato, nel tempo, delle quantit\u00e0 conferite, del contributo relativo dei vitigni e delle performance dei vitigni stessi in termini di gradazione zuccherina e monte gradi;<span class=\"Apple-converted-space\">\u00a0<\/span><\/li>\n<li class=\"li4\">Valutazione dell\u2019impatto del cambiamento climatico su base ampelografica, produttivit\u00e0 e, soprattutto, sulla tipologia di prodotto;<span class=\"Apple-converted-space\">\u00a0<\/span><\/li>\n<li class=\"li4\">Validazione delle tesi che tendono a ricondurre una \u201cdeterminata tipologia di vino\u201d ad una \u201cdeterminata tipologia di suolo\u201d e individuazione della combinazione ottimale suolo-clima;<span class=\"Apple-converted-space\">\u00a0<\/span><\/li>\n<\/ul>\n<p class=\"p4\"><i>Risultati prescrittivi attesi:<span class=\"Apple-converted-space\">\u00a0<\/span><\/i><\/p>\n<ul class=\"ul1\">\n<li class=\"li4\">Rimodulazione della base ampelografica oppure dell\u2019assemblaggio delle uve in base ad uno specifico target merceologico aziendale;<span class=\"Apple-converted-space\">\u00a0<\/span><\/li>\n<li class=\"li4\">Individuazione di aree o territori che possono essere pi\u00f9 facilmente esposti a fenomeni di stress idrico estivo.<\/li>\n<\/ul>\n<p class=\"p4\"><i>Risultati predittivi attesi:<\/i><\/p>\n<ul class=\"ul1\">\n<li class=\"li4\">Schemi previsionali sulla probabile annata di carica e scarica produttiva;<span class=\"Apple-converted-space\">\u00a0<\/span><\/li>\n<li class=\"li4\">Modelli previsionali sulla probabile data di vendemmia;<\/li>\n<li class=\"li4\">Modelli predittivi relativi alla collocazione sul mercato dei vini sulla base dell\u2019analisi di regressione tra andamento delle vendite di una certa tipologia commerciale e temperatura ambientale.<span class=\"Apple-converted-space\">\u00a0<\/span><\/li>\n<\/ul>\n<p class=\"p5\">Infine, il progetto mira a trasferire i risultati ottenuti attraverso azioni di divulgazione e di formazione aperti anche a soggetti esterni al GOI.<\/p>\n<p><img loading=\"lazy\" decoding=\"async\" class=\"alignnone wp-image-21914 size-full\" src=\"https:\/\/www.terrecevico.com\/wp-content\/uploads\/2021\/06\/BigVite-e1623941062134.png\" alt=\"\" width=\"378\" height=\"130\" \/><\/p>\n<p><img loading=\"lazy\" decoding=\"async\" class=\"alignnone wp-image-21551\" src=\"https:\/\/www.terrecevico.com\/wp-content\/uploads\/2020\/09\/FEASR_emilia-romagna_2014-2020_logo.jpg\" alt=\"FEASR_emilia-romagna_2014-2020_logo\" width=\"450\" height=\"94\" srcset=\"https:\/\/www.terrecevico.com\/wp-content\/uploads\/2020\/09\/FEASR_emilia-romagna_2014-2020_logo.jpg 1200w, https:\/\/www.terrecevico.com\/wp-content\/uploads\/2020\/09\/FEASR_emilia-romagna_2014-2020_logo-720x151.jpg 720w, https:\/\/www.terrecevico.com\/wp-content\/uploads\/2020\/09\/FEASR_emilia-romagna_2014-2020_logo-768x161.jpg 768w\" sizes=\"auto, (max-width: 450px) 100vw, 450px\" \/><\/p>\n<p>&nbsp;<\/p>\n<p><strong>PROGETTO IN.MO.MEVI<\/strong><\/p>\n<p>Iniziativa realizzata nell\u2019ambito del Programma Regionale di Sviluppo Rurale 2014-2020, Tipo di Operazione 16.1.01 \u2013 Gruppi Operativi del Partenariato Europeo per l\u2019Innovazione: \u201cProduttivit\u00e0 e Sostenibilit\u00e0 dell\u2019Agricoltura\u201d.<br \/>\nFocus Area 2A \u2013 Progetto \u201cINNOVATIVI MODELLI PER LA GESTIONE MECCANIZZATA E SOSTENIBILE DEL VIGNETO \u2013 IN.MO.ME.VI\u201d<\/p>\n<p><img loading=\"lazy\" decoding=\"async\" class=\"alignnone wp-image-21551\" src=\"https:\/\/www.terrecevico.com\/wp-content\/uploads\/2020\/09\/FEASR_emilia-romagna_2014-2020_logo.jpg\" alt=\"FEASR_emilia-romagna_2014-2020_logo\" width=\"450\" height=\"94\" srcset=\"https:\/\/www.terrecevico.com\/wp-content\/uploads\/2020\/09\/FEASR_emilia-romagna_2014-2020_logo.jpg 1200w, https:\/\/www.terrecevico.com\/wp-content\/uploads\/2020\/09\/FEASR_emilia-romagna_2014-2020_logo-720x151.jpg 720w, https:\/\/www.terrecevico.com\/wp-content\/uploads\/2020\/09\/FEASR_emilia-romagna_2014-2020_logo-768x161.jpg 768w\" sizes=\"auto, (max-width: 450px) 100vw, 450px\" \/><\/p>\n<p><strong>LINK PORTALE CRPV<\/strong><\/p>\n<p><a href=\"https:\/\/progetti.crpv.it\/Home\/ProjectDetail\/23\" target=\"_blank\" rel=\"noopener noreferrer\">https:\/\/progetti.crpv.it\/Home\/ProjectDetail\/23<\/a><\/p>\n<p><strong> PROGETTO VITIRES <\/strong><\/p>\n<p>Iniziativa realizzata nell\u2019ambito del Programma Regionale di Sviluppo Rurale 2014-2020 \u2013 Tipo di Operazione 16.1.01 \u2013 Gruppi Operativi del Partenariato Europeo per l\u2019Innovazione: \u201cProduttivit\u00e0 e Sostenibilit\u00e0 dell\u2019Agricoltura\u201d<br \/>\nFocus Area 2A \u2013 Progetto \u201cNuove variet\u00e0 e tipologie di prodotti per una vitivinicoltura competitiva e altamente sostenibile &#8211; VITIRES\u201d<\/p>\n<p><strong> LINK A PORTALE RINOVA <\/strong><\/p>\n<p><a href=\"https:\/\/rinova.eu\/it\/progetti\/vitires-nuove-varieta-e-prodotti-per-la-vitivinicoltura-sostenibile\/\" target=\"_blank\" rel=\"noopener noreferrer\"> https:\/\/rinova.eu\/it\/progetti\/vitires-nuove-varieta-e-prodotti-per-la-vitivinicoltura-sostenibile <\/a><\/p>\n<p><img loading=\"lazy\" decoding=\"async\" class=\"alignnone wp-image-21551\" src=\"https:\/\/www.terrecevico.com\/wp-content\/uploads\/2020\/09\/FEASR_emilia-romagna_2014-2020_logo.jpg\" alt=\"FEASR_emilia-romagna_2014-2020_logo\" width=\"450\" height=\"94\" srcset=\"https:\/\/www.terrecevico.com\/wp-content\/uploads\/2020\/09\/FEASR_emilia-romagna_2014-2020_logo.jpg 1200w, https:\/\/www.terrecevico.com\/wp-content\/uploads\/2020\/09\/FEASR_emilia-romagna_2014-2020_logo-720x151.jpg 720w, https:\/\/www.terrecevico.com\/wp-content\/uploads\/2020\/09\/FEASR_emilia-romagna_2014-2020_logo-768x161.jpg 768w\" sizes=\"auto, (max-width: 450px) 100vw, 450px\" \/><\/p>\n<p><strong> PROGETTO VIVI PLASTIC FREE <\/strong><\/p>\n<p>Iniziativa realizzata nell\u2019ambito del Programma Regionale di Sviluppo Rurale 2014-2020 \u2013 Tipo di Operazione 16.1.01 \u2013 Gruppi operativi del Partenariato Europeo per l\u2019Innovazione: \u201cproduttivit\u00e0 e sostenibilit\u00e0 dell\u2019agricoltura\u201d<br \/>\nFocus Area 3A \u2013 Progetto \u201cBiofiller ecosostenibili da sottoprodotti della filiera vitivinicola per la riduzione della plastica in vigneto e in cantina \u2013 VIVI PLASTIC FREE\u201d.<\/p>\n<p><strong> LINK A PORTALE RINOVA <\/strong><\/p>\n<p><a href=\"https:\/\/rinova.eu\/it\/progetti\/vivi-plastic-free-biofiller-ecosostenibili-per-ridurre-la-plastica\/\" target=\"_blank\" rel=\"noopener noreferrer\"> https:\/\/rinova.eu\/it\/progetti\/vivi-plastic-free-biofiller-ecosostenibili-per-ridurre-la-plastica\/ <\/a><\/p>\n<p><img loading=\"lazy\" decoding=\"async\" class=\"alignnone wp-image-21551\" src=\"https:\/\/www.terrecevico.com\/wp-content\/uploads\/2020\/09\/FEASR_emilia-romagna_2014-2020_logo.jpg\" alt=\"FEASR_emilia-romagna_2014-2020_logo\" width=\"450\" height=\"94\" srcset=\"https:\/\/www.terrecevico.com\/wp-content\/uploads\/2020\/09\/FEASR_emilia-romagna_2014-2020_logo.jpg 1200w, https:\/\/www.terrecevico.com\/wp-content\/uploads\/2020\/09\/FEASR_emilia-romagna_2014-2020_logo-720x151.jpg 720w, https:\/\/www.terrecevico.com\/wp-content\/uploads\/2020\/09\/FEASR_emilia-romagna_2014-2020_logo-768x161.jpg 768w\" sizes=\"auto, (max-width: 450px) 100vw, 450px\" \/><\/p>\n<p><strong> PROGETTO VITEVEN <\/strong><\/p>\n<p>Iniziativa realizzata nell\u2019ambito del Programma Regionale di Sviluppo Rurale 2014-2020 \u2013 Tipo di Operazione 16.1.01 \u2013 Gruppi Operativi del Partenariato Europeo per l\u2019Innovazione: \u201cproduttivit\u00e0 e sostenibilit\u00e0 dell\u2019agricoltura\u201d Focus Area 3A \u2013 Progetto \u201cInnovazione tecnologica per una efficiente previsione vendemmiale &#8211; VITEVEN\u201d.<\/p>\n<p><strong> LINK A PORTALE RINOVA <\/strong><\/p>\n<p><a href=\"https:\/\/rinova.eu\/it\/progetti\/viteven-innovazione-tecnologica-per-la-previsione-vendemmiale\/\" target=\"_blank\" rel=\"noopener noreferrer\"> https:\/\/rinova.eu\/it\/progetti\/viteven-innovazione-tecnologica-per-la-previsione-vendemmiale\/ <\/a><\/p>\n<p><img loading=\"lazy\" decoding=\"async\" class=\"alignnone wp-image-21551\" src=\"https:\/\/www.terrecevico.com\/wp-content\/uploads\/2020\/09\/FEASR_emilia-romagna_2014-2020_logo.jpg\" alt=\"FEASR_emilia-romagna_2014-2020_logo\" width=\"450\" height=\"94\" srcset=\"https:\/\/www.terrecevico.com\/wp-content\/uploads\/2020\/09\/FEASR_emilia-romagna_2014-2020_logo.jpg 1200w, https:\/\/www.terrecevico.com\/wp-content\/uploads\/2020\/09\/FEASR_emilia-romagna_2014-2020_logo-720x151.jpg 720w, https:\/\/www.terrecevico.com\/wp-content\/uploads\/2020\/09\/FEASR_emilia-romagna_2014-2020_logo-768x161.jpg 768w\" sizes=\"auto, (max-width: 450px) 100vw, 450px\" \/><\/p>\n<p>&nbsp;<\/p>\n<p><strong> PROGETTO VIRESCLIMA <\/strong><\/p>\n<p><a href=\"https:\/\/eur-lex.europa.eu\/legal-content\/IT\/LSU\/?uri=celex:32013R1305\" target=\"_blank\" rel=\"noopener\">https:\/\/eur-lex.europa.eu\/legal-content\/IT\/LSU\/?uri=celex:32013R1305<\/a><\/p>\n<p>VI.RES.CLIMA \u00e8 un progetto realizzato nell\u2019ambito Programma regionale di sviluppo rurale 2014-2020 \u2013 Tipo di operazione Mis. 16.1.01 \u2013 Gruppi operativi del partenariato europeo per l\u2019innovazione: \u201cproduttivit\u00e0 e sostenibilit\u00e0 dell&#8217;agricoltura\u201d Focus Area 4B<\/p>\n<p>Costo Complessivo del Progetto: \u20ac 218050<br \/>\nContributo concesso \u20ac 199612,5<br \/>\nDomanda n. 5515378 \u2013 Capofila: RINOVA<\/p>\n<p><strong>Obiettivi Generali<\/strong><\/p>\n<p>L\u2019obiettivo principale di &#8220;VI.RES.CLIMA &#8211; Nuove variet\u00e0 resistenti per una vitivinicoltura competitiva, altamente sostenibile e resiliente al cambiamento climatico&#8221; consiste nella valutazione delle nuove variet\u00e0 resistenti ai patogeni, ottenute recentemente attraverso il miglioramento genetico, per avere informazioni oggettive sulle effettive performance agronomiche ed enologiche, al fine della loro coltivazione sul territorio regionale. In particolare, le variet\u00e0 resistenti saranno valutate anche in un \u201cpercorso\u201d di gestione agronomica altamente sostenibile volto a preservare l\u2019acqua, il suolo, ridurre i rilasci di inquinanti e mitigare gli effetti del cambiamento climatico.<\/p>\n<p>Per informazioni su eventi e risultati del progetto si rimanda al sito web:<\/p>\n<p><a href=\"https:\/\/rinova.eu\/it\/progetti\/viresclima-nuove-varieta-resistenti-in-vitivinicoltura\/\" target=\"_blank\" rel=\"noopener\">https:\/\/rinova.eu\/it\/progetti\/viresclima-nuove-varieta-resistenti-in-vitivinicoltura\/<\/a><\/p>\n<p><img loading=\"lazy\" decoding=\"async\" class=\"alignnone wp-image-21551\" src=\"https:\/\/www.terrecevico.com\/wp-content\/uploads\/2020\/09\/FEASR_emilia-romagna_2014-2020_logo.jpg\" alt=\"FEASR_emilia-romagna_2014-2020_logo\" width=\"450\" height=\"94\" srcset=\"https:\/\/www.terrecevico.com\/wp-content\/uploads\/2020\/09\/FEASR_emilia-romagna_2014-2020_logo.jpg 1200w, https:\/\/www.terrecevico.com\/wp-content\/uploads\/2020\/09\/FEASR_emilia-romagna_2014-2020_logo-720x151.jpg 720w, https:\/\/www.terrecevico.com\/wp-content\/uploads\/2020\/09\/FEASR_emilia-romagna_2014-2020_logo-768x161.jpg 768w\" sizes=\"auto, (max-width: 450px) 100vw, 450px\" \/><\/p>\n<p>&nbsp;<\/p>\n<p><strong>PROGETTO CO.VI.RES<\/strong><\/p>\n<p><a href=\"https:\/\/eur-lex.europa.eu\/legal-content\/IT\/LSU\/?uri=celex:32013R1305\" target=\"_blank\" rel=\"noopener\">https:\/\/eur-lex.europa.eu\/legal-content\/IT\/LSU\/?uri=celex:32013R1305<\/a><\/p>\n<p>CO.VI.RES \u00e8 un progetto realizzato nell\u2019ambito del CoPSR 2023-2027 &#8211; Tipo di intervento SRG01 \u201cSostegno ai Gruppi Operativi PEI AGRI\u201d \u2013 OS2. Il progetto \u00e8 finanziato dal FEASR 2023-2027 \u2013 Fondo europeo agricolo per lo sviluppo rurale.<br \/>\nCosto Complessivo del Progetto: \u20ac 321.204,50<br \/>\nContributo concesso \u20ac 228.289,31<br \/>\nDomanda n. 5725439 \u2013 Capofila: RI.NOVA<\/p>\n<p><strong>Obiettivi Generali<\/strong><\/p>\n<p>L&#8217;obiettivo del progetto &#8220;Innovative variet\u00e0 resistenti internazionali (PIWI) per una vitivinicoltura competitiva e altamente sostenibile &#8211; CO.VI.RES&#8221; \u00e8 valutare le nuove variet\u00e0 di vite resistenti ai patogeni, recentemente ottenute attraverso programmi di miglioramento genetico tradizionale, assistito da MAS, per conseguire informazioni oggettive sulle effettive performance agronomiche ed enologiche, per la loro coltivazione e diffusione nell\u2019ambito della produzione vitivinicola regionale.<\/p>\n<p>Per informazioni su eventi e risultati del progetto si rimanda al sito web:<br \/>\n<a href=\"https:\/\/rinova.eu\/it\/progetti\/nuove-varieta-di-vite-resistenti-internazionali-piwi-covires\/\" target=\"_blank\" rel=\"noopener\">https:\/\/rinova.eu\/it\/progetti\/nuove-varieta-di-vite-resistenti-internazionali-piwi-covires\/<\/a><\/p>\n<p><img loading=\"lazy\" decoding=\"async\" class=\"alignnone wp-image-27149\" src=\"https:\/\/www.terrecevico.com\/wp-content\/uploads\/2025\/09\/PSR_covires-scaled.jpg\" alt=\"PSR_covires\" width=\"571\" height=\"64\" srcset=\"https:\/\/www.terrecevico.com\/wp-content\/uploads\/2025\/09\/PSR_covires-scaled.jpg 2560w, https:\/\/www.terrecevico.com\/wp-content\/uploads\/2025\/09\/PSR_covires-720x80.jpg 720w, https:\/\/www.terrecevico.com\/wp-content\/uploads\/2025\/09\/PSR_covires-1200x134.jpg 1200w, https:\/\/www.terrecevico.com\/wp-content\/uploads\/2025\/09\/PSR_covires-768x86.jpg 768w, https:\/\/www.terrecevico.com\/wp-content\/uploads\/2025\/09\/PSR_covires-1536x172.jpg 1536w, https:\/\/www.terrecevico.com\/wp-content\/uploads\/2025\/09\/PSR_covires-2048x229.jpg 2048w\" sizes=\"auto, (max-width: 571px) 100vw, 571px\" \/><\/p>\n<p>&nbsp;<\/p>\n<p><strong>PROGETTO CLIMA.VIT.ER<\/strong><\/p>\n<p><a href=\"https:\/\/eur-lex.europa.eu\/legal-content\/IT\/LSU\/?uri=celex:32013R1305\" target=\"_blank\" rel=\"noopener\">https:\/\/eur-lex.europa.eu\/legal-content\/IT\/LSU\/?uri=celex:32013R1305<\/a><\/p>\n<p>CLIMA.VIT.ER \u00e8 un progetto realizzato nell\u2019ambito del CoPSR 2023-2027 &#8211; Tipo di intervento SRG01 \u201cSostegno ai Gruppi Operativi PEI AGRI\u201d \u2013 OS4. Il progetto \u00e8 finanziato dal FEASR 2023-2027 \u2013 Fondo europeo agricolo per lo sviluppo rurale.<br \/>\nCosto Complessivo del Progetto: \u20ac 398.068,65<br \/>\nContributo concesso \u20ac 397.485,45<br \/>\nDomanda n. 5725423 \u2013 Capofila: Ri.Nova<\/p>\n<p><strong>Obiettivi Generali<\/strong><\/p>\n<p>L&#8217;obiettivo del progetto &#8220;Strategie innovative per una vitivinicoltura sostenibile e resiliente al cambiamento climatico &#8211; CLIMA.VIT.ER&#8221; \u00e8 fornire alle imprese vitivinicole soluzioni concrete per contribuire alla mitigazione e all&#8217;adattamento ai cambiamenti climatici, attraverso l&#8217;implementazione di strategie agronomiche ed enologiche innovative, a pi\u00f9 basso impatto.<\/p>\n<p>Per informazioni su eventi e risultati del progetto si rimanda al sito web:<br \/>\n<a href=\"https:\/\/rinova.eu\/it\/progetti\/climaviter-strategie-innovative-per-una-vitivinicoltura-resiliente\/\" target=\"_blank\" rel=\"noopener\">https:\/\/rinova.eu\/it\/progetti\/climaviter-strategie-innovative-per-una-vitivinicoltura-resiliente\/<\/a><\/p>\n<p><img loading=\"lazy\" decoding=\"async\" class=\"alignnone wp-image-27149\" src=\"https:\/\/www.terrecevico.com\/wp-content\/uploads\/2025\/09\/PSR_covires-scaled.jpg\" alt=\"PSR_covires\" width=\"571\" height=\"64\" srcset=\"https:\/\/www.terrecevico.com\/wp-content\/uploads\/2025\/09\/PSR_covires-scaled.jpg 2560w, https:\/\/www.terrecevico.com\/wp-content\/uploads\/2025\/09\/PSR_covires-720x80.jpg 720w, https:\/\/www.terrecevico.com\/wp-content\/uploads\/2025\/09\/PSR_covires-1200x134.jpg 1200w, https:\/\/www.terrecevico.com\/wp-content\/uploads\/2025\/09\/PSR_covires-768x86.jpg 768w, https:\/\/www.terrecevico.com\/wp-content\/uploads\/2025\/09\/PSR_covires-1536x172.jpg 1536w, https:\/\/www.terrecevico.com\/wp-content\/uploads\/2025\/09\/PSR_covires-2048x229.jpg 2048w\" sizes=\"auto, (max-width: 571px) 100vw, 571px\" \/><\/p>\n<p>&nbsp;<\/p>\n","protected":false},"excerpt":{"rendered":"<p>REG. (UE) N. 1305\/2013 &#8211; PSR 2014\/2020 &#8211; MISURA 4 &#8211; TIPO OPERAZIONE 4.2.01 \u201cINVESTIMENTI RIVOLTI AD IMPRESE AGROINDUSTRIALI IN APPROCCIO INDIVIDUALE E DI SISTEMA\u201d LA PARTE DI PROGETTO RELATIVA A LUGO PREVEDE: Realizzazione di una nuova tettoia\/tensostruttura fra un gruppo di sei serbatoi esistenti da 2.500 Hl cadauno dove si effettuano frequenti lavorazioni dei [&hellip;]<\/p>\n","protected":false},"author":1,"featured_media":0,"parent":0,"menu_order":0,"comment_status":"closed","ping_status":"closed","template":"","meta":{"_acf_changed":false,"inline_featured_image":false,"footnotes":""},"class_list":["post-16962","page","type-page","status-publish","hentry"],"acf":[],"yoast_head":"<!-- This site is optimized with the Yoast SEO plugin v24.0 - https:\/\/yoast.com\/wordpress\/plugins\/seo\/ -->\n<title>PSR Emilia Romagna 2014\/2010 | Terre Cevico<\/title>\n<meta name=\"robots\" content=\"index, follow, max-snippet:-1, max-image-preview:large, max-video-preview:-1\" \/>\n<link rel=\"canonical\" href=\"https:\/\/www.terrecevico.com\/en\/psr-emilia-romagna-2014-2020\/\" \/>\n<meta property=\"og:locale\" content=\"en_US\" \/>\n<meta property=\"og:type\" content=\"article\" \/>\n<meta property=\"og:title\" content=\"PSR Emilia Romagna 2014\/2010 | Terre Cevico\" \/>\n<meta property=\"og:description\" content=\"REG. (UE) N. 1305\/2013 &#8211; PSR 2014\/2020 &#8211; MISURA 4 &#8211; TIPO OPERAZIONE 4.2.01 \u201cINVESTIMENTI RIVOLTI AD IMPRESE AGROINDUSTRIALI IN APPROCCIO INDIVIDUALE E DI SISTEMA\u201d LA PARTE DI PROGETTO RELATIVA A LUGO PREVEDE: Realizzazione di una nuova tettoia\/tensostruttura fra un gruppo di sei serbatoi esistenti da 2.500 Hl cadauno dove si effettuano frequenti lavorazioni dei [&hellip;]\" \/>\n<meta property=\"og:url\" content=\"https:\/\/www.terrecevico.com\/en\/psr-emilia-romagna-2014-2020\/\" \/>\n<meta property=\"og:site_name\" content=\"Terre Cevico\" \/>\n<meta property=\"article:modified_time\" content=\"2025-09-26T08:02:06+00:00\" \/>\n<meta property=\"og:image\" content=\"https:\/\/www.terrecevico.com\/wp-content\/uploads\/2019\/01\/psr_logo.jpg\" \/>\n\t<meta property=\"og:image:width\" content=\"517\" \/>\n\t<meta property=\"og:image:height\" content=\"107\" \/>\n\t<meta property=\"og:image:type\" content=\"image\/jpeg\" \/>\n<meta name=\"twitter:card\" content=\"summary_large_image\" \/>\n<meta name=\"twitter:label1\" content=\"Est. reading time\" \/>\n\t<meta name=\"twitter:data1\" content=\"12 minutes\" \/>\n<script type=\"application\/ld+json\" class=\"yoast-schema-graph\">{\"@context\":\"https:\/\/schema.org\",\"@graph\":[{\"@type\":\"WebPage\",\"@id\":\"https:\/\/www.terrecevico.com\/en\/psr-emilia-romagna-2014-2020\/\",\"url\":\"https:\/\/www.terrecevico.com\/en\/psr-emilia-romagna-2014-2020\/\",\"name\":\"PSR Emilia Romagna 2014\/2010 | Terre Cevico\",\"isPartOf\":{\"@id\":\"https:\/\/www.terrecevico.com\/en\/#website\"},\"primaryImageOfPage\":{\"@id\":\"https:\/\/www.terrecevico.com\/en\/psr-emilia-romagna-2014-2020\/#primaryimage\"},\"image\":{\"@id\":\"https:\/\/www.terrecevico.com\/en\/psr-emilia-romagna-2014-2020\/#primaryimage\"},\"thumbnailUrl\":\"https:\/\/www.terrecevico.com\/wp-content\/uploads\/2019\/01\/psr_logo.jpg\",\"datePublished\":\"2019-01-10T15:06:30+00:00\",\"dateModified\":\"2025-09-26T08:02:06+00:00\",\"breadcrumb\":{\"@id\":\"https:\/\/www.terrecevico.com\/en\/psr-emilia-romagna-2014-2020\/#breadcrumb\"},\"inLanguage\":\"en-US\",\"potentialAction\":[{\"@type\":\"ReadAction\",\"target\":[\"https:\/\/www.terrecevico.com\/en\/psr-emilia-romagna-2014-2020\/\"]}]},{\"@type\":\"ImageObject\",\"inLanguage\":\"en-US\",\"@id\":\"https:\/\/www.terrecevico.com\/en\/psr-emilia-romagna-2014-2020\/#primaryimage\",\"url\":\"https:\/\/www.terrecevico.com\/wp-content\/uploads\/2019\/01\/psr_logo.jpg\",\"contentUrl\":\"https:\/\/www.terrecevico.com\/wp-content\/uploads\/2019\/01\/psr_logo.jpg\"},{\"@type\":\"BreadcrumbList\",\"@id\":\"https:\/\/www.terrecevico.com\/en\/psr-emilia-romagna-2014-2020\/#breadcrumb\",\"itemListElement\":[{\"@type\":\"ListItem\",\"position\":1,\"name\":\"Home\",\"item\":\"https:\/\/www.terrecevico.com\/en\/\"},{\"@type\":\"ListItem\",\"position\":2,\"name\":\"PSR Emilia Romagna 2014\/2020\"}]},{\"@type\":\"WebSite\",\"@id\":\"https:\/\/www.terrecevico.com\/en\/#website\",\"url\":\"https:\/\/www.terrecevico.com\/en\/\",\"name\":\"Terre Cevico\",\"description\":\"\",\"publisher\":{\"@id\":\"https:\/\/www.terrecevico.com\/en\/#organization\"},\"potentialAction\":[{\"@type\":\"SearchAction\",\"target\":{\"@type\":\"EntryPoint\",\"urlTemplate\":\"https:\/\/www.terrecevico.com\/en\/?s={search_term_string}\"},\"query-input\":{\"@type\":\"PropertyValueSpecification\",\"valueRequired\":true,\"valueName\":\"search_term_string\"}}],\"inLanguage\":\"en-US\"},{\"@type\":\"Organization\",\"@id\":\"https:\/\/www.terrecevico.com\/en\/#organization\",\"name\":\"Gruppo Terre Cevico\",\"url\":\"https:\/\/www.terrecevico.com\/en\/\",\"logo\":{\"@type\":\"ImageObject\",\"inLanguage\":\"en-US\",\"@id\":\"https:\/\/www.terrecevico.com\/en\/#\/schema\/logo\/image\/\",\"url\":\"https:\/\/www.terrecevico.com\/wp-content\/uploads\/2018\/11\/cevico_favicon.png\",\"contentUrl\":\"https:\/\/www.terrecevico.com\/wp-content\/uploads\/2018\/11\/cevico_favicon.png\",\"width\":512,\"height\":512,\"caption\":\"Gruppo Terre Cevico\"},\"image\":{\"@id\":\"https:\/\/www.terrecevico.com\/en\/#\/schema\/logo\/image\/\"}}]}<\/script>\n<!-- \/ Yoast SEO plugin. -->","yoast_head_json":{"title":"PSR Emilia Romagna 2014\/2010 | Terre Cevico","robots":{"index":"index","follow":"follow","max-snippet":"max-snippet:-1","max-image-preview":"max-image-preview:large","max-video-preview":"max-video-preview:-1"},"canonical":"https:\/\/www.terrecevico.com\/en\/psr-emilia-romagna-2014-2020\/","og_locale":"en_US","og_type":"article","og_title":"PSR Emilia Romagna 2014\/2010 | Terre Cevico","og_description":"REG. (UE) N. 1305\/2013 &#8211; PSR 2014\/2020 &#8211; MISURA 4 &#8211; TIPO OPERAZIONE 4.2.01 \u201cINVESTIMENTI RIVOLTI AD IMPRESE AGROINDUSTRIALI IN APPROCCIO INDIVIDUALE E DI SISTEMA\u201d LA PARTE DI PROGETTO RELATIVA A LUGO PREVEDE: Realizzazione di una nuova tettoia\/tensostruttura fra un gruppo di sei serbatoi esistenti da 2.500 Hl cadauno dove si effettuano frequenti lavorazioni dei [&hellip;]","og_url":"https:\/\/www.terrecevico.com\/en\/psr-emilia-romagna-2014-2020\/","og_site_name":"Terre Cevico","article_modified_time":"2025-09-26T08:02:06+00:00","og_image":[{"width":517,"height":107,"url":"https:\/\/www.terrecevico.com\/wp-content\/uploads\/2019\/01\/psr_logo.jpg","type":"image\/jpeg"}],"twitter_card":"summary_large_image","twitter_misc":{"Est. reading time":"12 minutes"},"schema":{"@context":"https:\/\/schema.org","@graph":[{"@type":"WebPage","@id":"https:\/\/www.terrecevico.com\/en\/psr-emilia-romagna-2014-2020\/","url":"https:\/\/www.terrecevico.com\/en\/psr-emilia-romagna-2014-2020\/","name":"PSR Emilia Romagna 2014\/2010 | Terre Cevico","isPartOf":{"@id":"https:\/\/www.terrecevico.com\/en\/#website"},"primaryImageOfPage":{"@id":"https:\/\/www.terrecevico.com\/en\/psr-emilia-romagna-2014-2020\/#primaryimage"},"image":{"@id":"https:\/\/www.terrecevico.com\/en\/psr-emilia-romagna-2014-2020\/#primaryimage"},"thumbnailUrl":"https:\/\/www.terrecevico.com\/wp-content\/uploads\/2019\/01\/psr_logo.jpg","datePublished":"2019-01-10T15:06:30+00:00","dateModified":"2025-09-26T08:02:06+00:00","breadcrumb":{"@id":"https:\/\/www.terrecevico.com\/en\/psr-emilia-romagna-2014-2020\/#breadcrumb"},"inLanguage":"en-US","potentialAction":[{"@type":"ReadAction","target":["https:\/\/www.terrecevico.com\/en\/psr-emilia-romagna-2014-2020\/"]}]},{"@type":"ImageObject","inLanguage":"en-US","@id":"https:\/\/www.terrecevico.com\/en\/psr-emilia-romagna-2014-2020\/#primaryimage","url":"https:\/\/www.terrecevico.com\/wp-content\/uploads\/2019\/01\/psr_logo.jpg","contentUrl":"https:\/\/www.terrecevico.com\/wp-content\/uploads\/2019\/01\/psr_logo.jpg"},{"@type":"BreadcrumbList","@id":"https:\/\/www.terrecevico.com\/en\/psr-emilia-romagna-2014-2020\/#breadcrumb","itemListElement":[{"@type":"ListItem","position":1,"name":"Home","item":"https:\/\/www.terrecevico.com\/en\/"},{"@type":"ListItem","position":2,"name":"PSR Emilia Romagna 2014\/2020"}]},{"@type":"WebSite","@id":"https:\/\/www.terrecevico.com\/en\/#website","url":"https:\/\/www.terrecevico.com\/en\/","name":"Terre Cevico","description":"","publisher":{"@id":"https:\/\/www.terrecevico.com\/en\/#organization"},"potentialAction":[{"@type":"SearchAction","target":{"@type":"EntryPoint","urlTemplate":"https:\/\/www.terrecevico.com\/en\/?s={search_term_string}"},"query-input":{"@type":"PropertyValueSpecification","valueRequired":true,"valueName":"search_term_string"}}],"inLanguage":"en-US"},{"@type":"Organization","@id":"https:\/\/www.terrecevico.com\/en\/#organization","name":"Gruppo Terre Cevico","url":"https:\/\/www.terrecevico.com\/en\/","logo":{"@type":"ImageObject","inLanguage":"en-US","@id":"https:\/\/www.terrecevico.com\/en\/#\/schema\/logo\/image\/","url":"https:\/\/www.terrecevico.com\/wp-content\/uploads\/2018\/11\/cevico_favicon.png","contentUrl":"https:\/\/www.terrecevico.com\/wp-content\/uploads\/2018\/11\/cevico_favicon.png","width":512,"height":512,"caption":"Gruppo Terre Cevico"},"image":{"@id":"https:\/\/www.terrecevico.com\/en\/#\/schema\/logo\/image\/"}}]}},"wps_subtitle":"","_links":{"self":[{"href":"https:\/\/www.terrecevico.com\/en\/wp-json\/wp\/v2\/pages\/16962","targetHints":{"allow":["GET"]}}],"collection":[{"href":"https:\/\/www.terrecevico.com\/en\/wp-json\/wp\/v2\/pages"}],"about":[{"href":"https:\/\/www.terrecevico.com\/en\/wp-json\/wp\/v2\/types\/page"}],"author":[{"embeddable":true,"href":"https:\/\/www.terrecevico.com\/en\/wp-json\/wp\/v2\/users\/1"}],"replies":[{"embeddable":true,"href":"https:\/\/www.terrecevico.com\/en\/wp-json\/wp\/v2\/comments?post=16962"}],"version-history":[{"count":15,"href":"https:\/\/www.terrecevico.com\/en\/wp-json\/wp\/v2\/pages\/16962\/revisions"}],"predecessor-version":[{"id":27154,"href":"https:\/\/www.terrecevico.com\/en\/wp-json\/wp\/v2\/pages\/16962\/revisions\/27154"}],"wp:attachment":[{"href":"https:\/\/www.terrecevico.com\/en\/wp-json\/wp\/v2\/media?parent=16962"}],"curies":[{"name":"wp","href":"https:\/\/api.w.org\/{rel}","templated":true}]}}